{"id":2470,"date":"2015-04-17T19:53:31","date_gmt":"2015-04-17T17:53:31","guid":{"rendered":"http:\/\/malenki.net\/wordpress\/?page_id=2470"},"modified":"2026-02-03T20:25:02","modified_gmt":"2026-02-03T19:25:02","slug":"info","status":"publish","type":"page","link":"https:\/\/malenki.net\/de\/info\/","title":{"rendered":"Info"},"content":{"rendered":"<p>malenki.net holt Fotografie von der Wand und verleiht ihrer Vielseitigkeit \u00fcber die haptische Wahrnehmung Ausdruck. 2010 von Katrin Kamrau und Robert Schlotter gegr\u00fcndet, stellt malenki.net einen Br\u00fcckenschlag zwischen klassischen Bucherzeugnissen aus dem Verlagshaus und k\u00fcnstlerischen Editionen her. Die von uns pr\u00e4sentierten Fotob\u00fccher und fotografischen Editionen sind als \u2018Handobjekte\u2019 konzipiert und sprechen neben der optischen auch die haptische Wahrnehmung des Betrachters an. Die zumeist in Handarbeit gefertigten Werke zeichnen sich durch den Einklang von Form und Inhalt, die Verwendung hochwertiger Materialien und eine hohe fotografische Qualit\u00e4t aus. Die limitierten Auflagen und pers\u00f6nlichen Signaturen der K\u00fcnstler unterstreichen die Einzigartigkeit der gezeigten Arbeiten.<\/p>\n<p>Wenn Sie aktuelle Informationen zu unserem Programm, unseren Publikationen oder Veranstaltungen erhalten m\u00f6chten, folgen Sie uns auf <a class=\"external\" href=\"https:\/\/www.facebook.com\/malenki.editionen\" target=\"_blank\" rel=\"nofollow noopener noreferrer\">Facebook<\/a>, <a href=\"https:\/\/www.instagram.com\/malenkinet\/\" target=\"_blank\" rel=\"noopener noreferrer\">Instagram<\/a> und <a href=\"https:\/\/www.pinterest.de\/malenki_net\/\" target=\"_blank\" rel=\"noopener noreferrer\">Pinterest<\/a> oder tragen Sie sich hier in unseren <a href=\"https:\/\/malenki.net\/de\/newsletter-anmelden\/\">Newsletter<\/a> ein.<\/p>\n<p>Wir bieten Workshops, Portfolio Reviews und Mentoring zu zeitgen\u00f6ssischer Fotografie und self-publishing f\u00fcr Gruppen und Einzelpersonen an. Kritische Zeitgenossenschaft, Empathie und Solidarit\u00e4t sind Kennzeichen unserer dialogischen Arbeitsweise. Hier finden Sie Einblicke in einige unserer Aktivit\u00e4ten: <a href=\"https:\/\/malenki.net\/de\/vor-ort\/\">on-site<\/a>.<\/p>\n<p>F\u00fcr weitere Anfragen, Buchungen oder Kooperationen kontaktiern Sie uns per Email: malenki [at] malenki.net<\/p>\n<p>&nbsp;<\/p>\n<p>&nbsp;<\/p>\n<hr \/>\n<p>W\u00e4hrend der Buchmesse <em>Temple Arles Books<\/em>\u00a0wurde Katrin Kamrau von <a href=\"http:\/\/www.lom-of-lama.net\">lom-of-LaMa<\/a> interviewt.<\/p>\n<p>&nbsp;<\/p>\n<p><strong>Wer ist \u203amalenki.net\u2039? Kannst du uns euer Konzept vorstellen?<\/strong><\/p>\n<p><em>Malenki.net<\/em>, das sind zwei Personen: Robert Schlotter und ich, Katrin Kamrau.<\/p>\n<p>Unsere Initiative ist aus dem gemeinsamen Studium an der Fachhochschule Bielefeld heraus gewachsen. Angelehnt an ein Seminar, haben wir 2010 eine Plattform f\u00fcr Editionen und K\u00fcnstlerpublikationen in kleiner Auflage entwickelt und dabei vor allem erst einmal K\u00fcnstler und Fotografen aus unserem direkten Umfeld einbezogen\u2026 .<\/p>\n<p>Unsere urspr\u00fcngliche Idee war es, Selbst-Herausgegebenes auf Messen und in einem Webshop, den wir entwickelt haben, anzubieten. Unser Antrieb war vor allen Dingen, unsere Kr\u00e4fte zu b\u00fcndeln: Arbeiten von Kollegen und von uns zusammen an Orten sichtbar zu machen, an welche die einzelne Person nur schwer gelangt.<\/p>\n<p>&nbsp;<\/p>\n<p><strong>Nach welchen Kriterien w\u00e4hlt ihr Projekte aus?<\/strong><br \/>\n<strong>Gibt es da ein inhaltliches oder \u00e4sthetisches Konzept?<\/strong><\/p>\n<p>Man kann unsere Auswahl nicht festmachen an einer Schule oder einer Generation, man kann sie auch nicht festmachen an einer Nation oder einer Idee, die sich in der k\u00fcnstlerischen Praxis wiederfindet.<\/p>\n<p>Die bei uns vertretenen Produzenten haben diverse Hintergr\u00fcnde \u2014 f\u00fcnf oder sechs Sprachen sind in unserem Programm zu finden \u2014 alle Produzenten sind auf die ein oder andere Weise mit (West-)Europa verbunden. Was den Altersdurchschnitt angeht, verh\u00e4lt es sich inzwischen \u00e4hnlich heterogen.<\/p>\n<p>Eine inhaltliche Klammer ist die Fotografie \u2014 Fotografie in einem m\u00f6glichst breiten Spektrum, verschiedensten Ausformungen und Lesarten.<\/p>\n<p>Einige Arbeiten die neu in unser Programm kommen, stehen dann manchmal etwas \u203aallein\u2039 da. Es dauert aber meist nicht lange und durch eine weitere Arbeit entstehen pl\u00f6tzlich Br\u00fcckenschl\u00e4ge \u00fcber verschiedenste Genres hinweg.<\/p>\n<p>Auch in Bezug auf die Publikationen selbst gibt es keine Grenzen: Sie reichen vom gefalteten Blatt bis zur limitierten Vorzugsausgabe im Schuber.<\/p>\n<p>&nbsp;<\/p>\n<p><strong>Und wie kuratiert ihr Arbeiten f\u00fcr euer Programm?<\/strong><\/p>\n<p>Robert Schlotter und ich finden neue Arbeiten, schlagen sie uns gegenseitig vor und treffen die Auswahl im Dialog. Es ist eine st\u00e4ndige Suche.<\/p>\n<p>Unser inzwischen recht breites Angebot erm\u00f6glicht es verschiedene Arbeiten in Gruppen zusammenzuziehen und damit direkt auf Messen und Gegebenheiten vor Ort zu reagieren. F\u00fcr die \u203aTemple Arles Books\u2039 treffen wir t\u00e4glich eine neue Auswahl. Heute hatten wir hier auf der Buchmesse einen Beitrag zu Text-Bild-Arbeiten. Dazu passend haben wir die B\u00fccher ausgew\u00e4hlt. Und selbst innerhalb einer solchen Zusammenstellung, ist unser Tisch recht vielstimmig. Ich habe viel Freude daran, zwischen den verschiedenen Stimmen Beziehungen herzustellen und Verbindungen zu finden.<\/p>\n<p>&nbsp;<\/p>\n<p><strong>Nehmt ihr gestalterisch oder inhaltlich Einfluss auf Publikationen? Worin seht ihr den kreativen Prozess innerhalb eurer T\u00e4tigkeit?<\/strong><\/p>\n<p>Gestalterisch oder inhaltlich nehmen wir keinen Einfluss auf die Arbeiten. Gern stehen wir w\u00e4hrend der Erstellung einer Publikation beratend zur Seite; aber nur auf Nachfrage. Ich selbst gebe auch Workshops zur Buchgestaltung oder zum Konzept des Self-Publishing. Was wir bieten k\u00f6nnen, ist eine Zusammenarbeit auf Ma\u00df und auf Augenh\u00f6he.<\/p>\n<p>Malenki.net ist f\u00fcr uns ein Projekt von mehreren und die Zeit, die wir investieren k\u00f6nnen, ist begrenzt. Ich sage unseren Interessenten immer sehr deutlich, dass wir nicht die St\u00e4rke haben, die klassische Verlage haben. Und bei der Entwicklung von Fotobuch-Messen oder auch Kunstbuch-Messen kann man momentan sehen, dass sich die Auswahl der Teilnehmer immer mehr auf kommerzielle oder finanzielle Interessen zuspitzt. Manche Messen sind auch nur f\u00fcr Verlage offen und nicht f\u00fcr ein hybrides Format, wie wir es sind.<\/p>\n<p>Der kreative Prozess unserer Arbeit ist die Auswahl von Publikationen, das Kuratieren unseres Programms, das Arrangieren und Kontextualisieren von verschiedenen Arbeiten auf unseren Tischen: letztlich alles in einen Klang zu bringen.<\/p>\n<p>&nbsp;<\/p>\n<p><strong>Wie viele Arbeiten und K\u00fcnstler habt ihr bisher im Programm?<\/strong><\/p>\n<p>Im Moment sind es ungef\u00e4hr 65 Personen. Einige Autoren sind mit mehreren Publikationen vertreten. Die Zahl, der Arbeiten, liegt bei ungef\u00e4hr 85 \u2014 aber ich denke inzwischen sind es ein paar mehr.<\/p>\n<p>&nbsp;<\/p>\n<p><strong>Mit welchen Auflagen arbeitet ihr?<\/strong><\/p>\n<p>Wir haben Editionen, K\u00fcnstlerpublikationen und auch selbstverlegte Fotob\u00fccher im Angebot. Die Auflagen variieren zwischen 10 und 1.000.<\/p>\n<p>&nbsp;<\/p>\n<p><strong>Wie betrachtest du das Buch als Medium im Kontext der Digitalisierung?<\/strong><\/p>\n<p>F\u00fcr malenki.net selber spielt die Digitalisierung eine untergeordnete Rolle.<\/p>\n<p>Als Gestalterin, als K\u00fcnstlerin und auch als Fotografin nutze ich digitale Medien zur Repr\u00e4sentation. Im Kontext von malenki.net ist dies ganz \u00e4hnlich: Soziale Medien und Newsletter bieten die M\u00f6glichkeit der weltweiten Aufmerksamkeit. Auf Wunsch bieten wir den Produzenten den Verkauf von ihren Publikationen \u00fcber unseren Webshop an; versuchen online eine gute Idee von den Arbeiten zu vermitteln, aber Digitalit\u00e4t ist nicht unbedingt in das einzelne Werk implementiert. Wir haben auch keine digitalen Werke im Programm.<\/p>\n<p>Die Haptik ist ohnehin eine unserer zentralen S\u00e4ulen und somit vor allem auch Offline-Arbeit auf Messen. Es ist wichtig f\u00fcr unsere Kunden Arbeiten anfassen, f\u00fchlen \u2014 manchmal sogar riechen \u2014 zu k\u00f6nnen. H\u00e4ufig werden Kaufentscheidungen auf Basis eines physischen \u203aEinander-Kennenlernens\u2039 getroffen.<\/p>\n<p>&nbsp;<\/p>\n<p><strong>Wie wichtig ist euch der pers\u00f6nliche Kontakt zu den K\u00fcnstlern?<\/strong><\/p>\n<p>Der ist uns sehr wichtig. Wir haben zu allen Kontakt und wenn man vorher keinen hatte, dann entsteht dieser durch unsere Zusammenarbeit. Im Rahmen von malenki.net entwickeln wir zusammen mit Partnern vor Ort ebenfalls Ausstellungsformate wie <a href=\"https:\/\/malenki.net\/de\/vor-ort\/kijk-papers-2015\/\">kijk:papers<\/a> in der <a href=\"http:\/\/www.warte-kunst.de\/\">Warte f\u00fcr Kunst<\/a> in Kassel oder Gespr\u00e4chsreihen wie den <a href=\"https:\/\/malenki.net\/de\/vor-ort\/tique-salon-antwerpen\/\">Tique Salon<\/a> im <a href=\"https:\/\/www.tique.art\/\">Tique I art space<\/a> in Antwerpen. Es ist uns wichtig im Austausch zu stehen und zu wissen: \u203aWer ist gerade wo, macht was, besch\u00e4ftigt sich mit welchem Projekt\u2039, um dann passende Angebote machen zu k\u00f6nnen. Mich interessieren die Menschen und ihr Umgang mit Fotografie \u2014thematisch und medienbezogen.<\/p>\n<p>Arles, 4. Juli 2019<\/p>\n","protected":false},"excerpt":{"rendered":"<p>malenki.net holt Fotografie von der Wand und verleiht ihrer Vielseitigkeit \u00fcber die haptische Wahrnehmung Ausdruck. 2010 von Katrin Kamrau und Robert Schlotter gegr\u00fcndet, stellt malenki.net einen Br\u00fcckenschlag zwischen klassischen Bucherzeugnissen aus dem Verlagshaus und k\u00fcnstlerischen Editionen her. Die von uns pr\u00e4sentierten Fotob\u00fccher und fotografischen Editionen sind als \u2018Handobjekte\u2019 konzipiert und sprechen neben der optischen auch&hellip; <a class=\"more-link\" href=\"https:\/\/malenki.net\/de\/info\/\"><span class=\"screen-reader-text\">Info<\/span> weiterlesen<\/a><\/p>\n","protected":false},"author":3,"featured_media":0,"parent":0,"menu_order":0,"comment_status":"closed","ping_status":"closed","template":"","meta":{"pgc_sgb_lightbox_settings":"","footnotes":""},"categories":[],"tags":[60,1135],"class_list":["post-2470","page","type-page","status-publish","hentry","tag-katrin-kamrau-de","tag-robert-schlotter-de","entry"],"yoast_head":"<!-- This site is optimized with the Yoast SEO plugin v27.2 - https:\/\/yoast.com\/product\/yoast-seo-wordpress\/ -->\n<title>malenki.net | Info<\/title>\n<meta name=\"robots\" content=\"index, follow, max-snippet:-1, max-image-preview:large, max-video-preview:-1\" \/>\n<link rel=\"canonical\" href=\"https:\/\/malenki.net\/de\/info\/\" \/>\n<meta property=\"og:locale\" content=\"de_DE\" \/>\n<meta property=\"og:type\" content=\"article\" \/>\n<meta property=\"og:title\" content=\"malenki.net | Info\" \/>\n<meta property=\"og:description\" content=\"malenki.net holt Fotografie von der Wand und verleiht ihrer Vielseitigkeit \u00fcber die haptische Wahrnehmung Ausdruck. 2010 von Katrin Kamrau und Robert Schlotter gegr\u00fcndet, stellt malenki.net einen Br\u00fcckenschlag zwischen klassischen Bucherzeugnissen aus dem Verlagshaus und k\u00fcnstlerischen Editionen her. Die von uns pr\u00e4sentierten Fotob\u00fccher und fotografischen Editionen sind als \u2018Handobjekte\u2019 konzipiert und sprechen neben der optischen auch&hellip; Info weiterlesen\" \/>\n<meta property=\"og:url\" content=\"https:\/\/malenki.net\/de\/info\/\" \/>\n<meta property=\"og:site_name\" content=\"malenki.net\" \/>\n<meta property=\"article:publisher\" content=\"https:\/\/www.facebook.com\/malenki.editionen\/\" \/>\n<meta property=\"article:modified_time\" content=\"2026-02-03T19:25:02+00:00\" \/>\n<meta property=\"og:image\" content=\"https:\/\/malenki.net\/wp-content\/uploads\/2020\/04\/fb.jpg\" \/>\n\t<meta property=\"og:image:width\" content=\"1200\" \/>\n\t<meta property=\"og:image:height\" content=\"630\" \/>\n\t<meta property=\"og:image:type\" content=\"image\/jpeg\" \/>\n<meta name=\"twitter:card\" content=\"summary_large_image\" \/>\n<meta name=\"twitter:label1\" content=\"Gesch\u00e4tzte Lesezeit\" \/>\n\t<meta name=\"twitter:data1\" content=\"6\u00a0Minuten\" \/>\n<script type=\"application\/ld+json\" class=\"yoast-schema-graph\">{\"@context\":\"https:\/\/schema.org\",\"@graph\":[{\"@type\":\"WebPage\",\"@id\":\"https:\/\/malenki.net\/de\/info\/\",\"url\":\"https:\/\/malenki.net\/de\/info\/\",\"name\":\"malenki.net | Info\",\"isPartOf\":{\"@id\":\"https:\/\/malenki.net\/de\/#website\"},\"datePublished\":\"2015-04-17T17:53:31+00:00\",\"dateModified\":\"2026-02-03T19:25:02+00:00\",\"breadcrumb\":{\"@id\":\"https:\/\/malenki.net\/de\/info\/#breadcrumb\"},\"inLanguage\":\"de\",\"potentialAction\":[{\"@type\":\"ReadAction\",\"target\":[\"https:\/\/malenki.net\/de\/info\/\"]}]},{\"@type\":\"BreadcrumbList\",\"@id\":\"https:\/\/malenki.net\/de\/info\/#breadcrumb\",\"itemListElement\":[{\"@type\":\"ListItem\",\"position\":1,\"name\":\"Home\",\"item\":\"https:\/\/malenki.net\/de\/\"},{\"@type\":\"ListItem\",\"position\":2,\"name\":\"Info\"}]},{\"@type\":\"WebSite\",\"@id\":\"https:\/\/malenki.net\/de\/#website\",\"url\":\"https:\/\/malenki.net\/de\/\",\"name\":\"malenki.net\",\"description\":\"Fotografie Editionen\",\"publisher\":{\"@id\":\"https:\/\/malenki.net\/de\/#organization\"},\"potentialAction\":[{\"@type\":\"SearchAction\",\"target\":{\"@type\":\"EntryPoint\",\"urlTemplate\":\"https:\/\/malenki.net\/de\/?s={search_term_string}\"},\"query-input\":{\"@type\":\"PropertyValueSpecification\",\"valueRequired\":true,\"valueName\":\"search_term_string\"}}],\"inLanguage\":\"de\"},{\"@type\":\"Organization\",\"@id\":\"https:\/\/malenki.net\/de\/#organization\",\"name\":\"malenki.net\",\"url\":\"https:\/\/malenki.net\/de\/\",\"logo\":{\"@type\":\"ImageObject\",\"inLanguage\":\"de\",\"@id\":\"https:\/\/malenki.net\/de\/#\/schema\/logo\/image\/\",\"url\":\"https:\/\/malenki.net\/wp-content\/uploads\/2023\/03\/malenki-logo-2019.gif\",\"contentUrl\":\"https:\/\/malenki.net\/wp-content\/uploads\/2023\/03\/malenki-logo-2019.gif\",\"width\":524,\"height\":138,\"caption\":\"malenki.net\"},\"image\":{\"@id\":\"https:\/\/malenki.net\/de\/#\/schema\/logo\/image\/\"},\"sameAs\":[\"https:\/\/www.facebook.com\/malenki.editionen\/\",\"https:\/\/www.instagram.com\/malenkinet\/\"]}]}<\/script>\n<!-- \/ Yoast SEO plugin. -->","yoast_head_json":{"title":"malenki.net | Info","robots":{"index":"index","follow":"follow","max-snippet":"max-snippet:-1","max-image-preview":"max-image-preview:large","max-video-preview":"max-video-preview:-1"},"canonical":"https:\/\/malenki.net\/de\/info\/","og_locale":"de_DE","og_type":"article","og_title":"malenki.net | Info","og_description":"malenki.net holt Fotografie von der Wand und verleiht ihrer Vielseitigkeit \u00fcber die haptische Wahrnehmung Ausdruck. 2010 von Katrin Kamrau und Robert Schlotter gegr\u00fcndet, stellt malenki.net einen Br\u00fcckenschlag zwischen klassischen Bucherzeugnissen aus dem Verlagshaus und k\u00fcnstlerischen Editionen her. Die von uns pr\u00e4sentierten Fotob\u00fccher und fotografischen Editionen sind als \u2018Handobjekte\u2019 konzipiert und sprechen neben der optischen auch&hellip; Info weiterlesen","og_url":"https:\/\/malenki.net\/de\/info\/","og_site_name":"malenki.net","article_publisher":"https:\/\/www.facebook.com\/malenki.editionen\/","article_modified_time":"2026-02-03T19:25:02+00:00","og_image":[{"width":1200,"height":630,"url":"https:\/\/malenki.net\/wp-content\/uploads\/2020\/04\/fb.jpg","type":"image\/jpeg"}],"twitter_card":"summary_large_image","twitter_misc":{"Gesch\u00e4tzte Lesezeit":"6\u00a0Minuten"},"schema":{"@context":"https:\/\/schema.org","@graph":[{"@type":"WebPage","@id":"https:\/\/malenki.net\/de\/info\/","url":"https:\/\/malenki.net\/de\/info\/","name":"malenki.net | Info","isPartOf":{"@id":"https:\/\/malenki.net\/de\/#website"},"datePublished":"2015-04-17T17:53:31+00:00","dateModified":"2026-02-03T19:25:02+00:00","breadcrumb":{"@id":"https:\/\/malenki.net\/de\/info\/#breadcrumb"},"inLanguage":"de","potentialAction":[{"@type":"ReadAction","target":["https:\/\/malenki.net\/de\/info\/"]}]},{"@type":"BreadcrumbList","@id":"https:\/\/malenki.net\/de\/info\/#breadcrumb","itemListElement":[{"@type":"ListItem","position":1,"name":"Home","item":"https:\/\/malenki.net\/de\/"},{"@type":"ListItem","position":2,"name":"Info"}]},{"@type":"WebSite","@id":"https:\/\/malenki.net\/de\/#website","url":"https:\/\/malenki.net\/de\/","name":"malenki.net","description":"Fotografie Editionen","publisher":{"@id":"https:\/\/malenki.net\/de\/#organization"},"potentialAction":[{"@type":"SearchAction","target":{"@type":"EntryPoint","urlTemplate":"https:\/\/malenki.net\/de\/?s={search_term_string}"},"query-input":{"@type":"PropertyValueSpecification","valueRequired":true,"valueName":"search_term_string"}}],"inLanguage":"de"},{"@type":"Organization","@id":"https:\/\/malenki.net\/de\/#organization","name":"malenki.net","url":"https:\/\/malenki.net\/de\/","logo":{"@type":"ImageObject","inLanguage":"de","@id":"https:\/\/malenki.net\/de\/#\/schema\/logo\/image\/","url":"https:\/\/malenki.net\/wp-content\/uploads\/2023\/03\/malenki-logo-2019.gif","contentUrl":"https:\/\/malenki.net\/wp-content\/uploads\/2023\/03\/malenki-logo-2019.gif","width":524,"height":138,"caption":"malenki.net"},"image":{"@id":"https:\/\/malenki.net\/de\/#\/schema\/logo\/image\/"},"sameAs":["https:\/\/www.facebook.com\/malenki.editionen\/","https:\/\/www.instagram.com\/malenkinet\/"]}]}},"wps_subtitle":"","_links":{"self":[{"href":"https:\/\/malenki.net\/de\/wp-json\/wp\/v2\/pages\/2470","targetHints":{"allow":["GET"]}}],"collection":[{"href":"https:\/\/malenki.net\/de\/wp-json\/wp\/v2\/pages"}],"about":[{"href":"https:\/\/malenki.net\/de\/wp-json\/wp\/v2\/types\/page"}],"author":[{"embeddable":true,"href":"https:\/\/malenki.net\/de\/wp-json\/wp\/v2\/users\/3"}],"replies":[{"embeddable":true,"href":"https:\/\/malenki.net\/de\/wp-json\/wp\/v2\/comments?post=2470"}],"version-history":[{"count":1,"href":"https:\/\/malenki.net\/de\/wp-json\/wp\/v2\/pages\/2470\/revisions"}],"predecessor-version":[{"id":12083,"href":"https:\/\/malenki.net\/de\/wp-json\/wp\/v2\/pages\/2470\/revisions\/12083"}],"wp:attachment":[{"href":"https:\/\/malenki.net\/de\/wp-json\/wp\/v2\/media?parent=2470"}],"wp:term":[{"taxonomy":"category","embeddable":true,"href":"https:\/\/malenki.net\/de\/wp-json\/wp\/v2\/categories?post=2470"},{"taxonomy":"post_tag","embeddable":true,"href":"https:\/\/malenki.net\/de\/wp-json\/wp\/v2\/tags?post=2470"}],"curies":[{"name":"wp","href":"https:\/\/api.w.org\/{rel}","templated":true}]}}