{"id":11780,"date":"2018-01-20T15:01:39","date_gmt":"2018-01-20T14:01:39","guid":{"rendered":"https:\/\/malenki.net\/vor-ort\/workshop-from-idea-to-publication\/"},"modified":"2025-11-25T12:18:15","modified_gmt":"2025-11-25T11:18:15","slug":"workshop-from-idea-to-publication","status":"publish","type":"page","link":"https:\/\/malenki.net\/de\/vor-ort\/workshop-from-idea-to-publication\/","title":{"rendered":"Workshop \u2014 from idea to publication"},"content":{"rendered":"\n<div class=\"wp-block-columns is-layout-flex wp-container-core-columns-is-layout-9d6595d7 wp-block-columns-is-layout-flex\">\n<div class=\"wp-block-column is-layout-flow wp-block-column-is-layout-flow\"><div class=\"pgc-sgb-cb wp-block-pgcsimplygalleryblock-masonry \" data-gallery-id=\"a1934578\"><div class=\"sgb-preloader\" id=\"pr_a1934578\">\n\t<div class=\"sgb-square\" style=\"background:#d4d4d4\"><\/div>\n\t<div class=\"sgb-square\" style=\"background:#d4d4d4\"><\/div>\n\t<div class=\"sgb-square\" style=\"background:#d4d4d4\"><\/div>\n\t<div class=\"sgb-square\" style=\"background:#d4d4d4\"><\/div><\/div><div class=\"simply-gallery-amp pgc_sgb_slider \"><noscript><div class=\"sgb-gallery\"><div class=\"sgb-item\"><a href=\"https:\/\/malenki.net\/on-site\/workshop-from-idea-to-publication\/fitp_workshop3_s3_04\/\" target=\"_blank\"><img decoding=\"async\" alt=\"\" width=\"1701\" height=\"1134\" loading=\"lazy\" src=\"https:\/\/malenki.net\/wp-content\/uploads\/2019\/10\/fitp_workshop3_s3_04.jpg\" srcset=\",https:\/\/malenki.net\/wp-content\/uploads\/2019\/10\/fitp_workshop3_s3_04.jpg 1701w\" sizes=\"auto, 250px\"\/><\/a><div class=\"sgb-item-caption\"><em>workshop on publishing: From idea to publication, session 1, Tique | art space, Antwerp \/ Belgium<\/em><\/div><\/div><div class=\"sgb-item\"><a href=\"https:\/\/malenki.net\/on-site\/workshop-from-idea-to-publication\/fitp_workshop3_s3_02\/\" target=\"_blank\"><img decoding=\"async\" alt=\"\" width=\"1701\" height=\"1134\" loading=\"lazy\" src=\"https:\/\/malenki.net\/wp-content\/uploads\/2019\/10\/fitp_workshop3_s3_02.jpg\" srcset=\",https:\/\/malenki.net\/wp-content\/uploads\/2019\/10\/fitp_workshop3_s3_02.jpg 1701w\" sizes=\"auto, 250px\"\/><\/a><div class=\"sgb-item-caption\"><em>workshop on publishing: From idea to publication, session 1, Tique | art space, Antwerp \/ Belgium<\/em><\/div><\/div><div class=\"sgb-item\"><a href=\"https:\/\/malenki.net\/on-site\/workshop-from-idea-to-publication\/fitp_workshop3_s2_04\/\" target=\"_blank\"><img decoding=\"async\" alt=\"\" width=\"1163\" height=\"775\" loading=\"lazy\" src=\"https:\/\/malenki.net\/wp-content\/uploads\/2019\/10\/fitp_workshop3_s2_04.jpg\" srcset=\",https:\/\/malenki.net\/wp-content\/uploads\/2019\/10\/fitp_workshop3_s2_04.jpg 1163w\" sizes=\"auto, 250px\"\/><\/a><div class=\"sgb-item-caption\"><em>workshop on publishing: From idea to publication, session 4, Tique | art space, Antwerp \/ Belgium<\/em><\/div><\/div><div class=\"sgb-item\"><a href=\"https:\/\/malenki.net\/on-site\/workshop-from-idea-to-publication\/workshop-from-idea-to-publication-02-03\/\" target=\"_blank\"><img decoding=\"async\" alt=\"workshop on publishing: From idea to publication, session 2, Tique | art space, Antwerp \/ Belgium\" width=\"750\" height=\"562\" loading=\"lazy\" src=\"https:\/\/malenki.net\/wp-content\/uploads\/2018\/01\/workshop-from-idea-to-publication-02-03-750x562.jpg\" srcset=\"https:\/\/malenki.net\/wp-content\/uploads\/2018\/01\/workshop-from-idea-to-publication-02-03-750x562.jpg 750w,https:\/\/malenki.net\/wp-content\/uploads\/2018\/01\/workshop-from-idea-to-publication-02-03-1024x768.jpg 1024w,https:\/\/malenki.net\/wp-content\/uploads\/2018\/01\/workshop-from-idea-to-publication-02-03.jpg 1134w\" sizes=\"auto, 250px\"\/><\/a><div class=\"sgb-item-caption\"><em>workshop on publishing: From idea to publication, session 2, Tique | art space, Antwerp \/ Belgium<\/em><\/div><\/div><div class=\"sgb-item\"><a href=\"https:\/\/malenki.net\/on-site\/workshop-from-idea-to-publication\/workshop-from-idea-to-publication-02-02\/\" target=\"_blank\"><img decoding=\"async\" alt=\"workshop on publishing: From idea to publication, session 2, Tique | art space, Antwerp \/ Belgium\" width=\"750\" height=\"562\" loading=\"lazy\" src=\"https:\/\/malenki.net\/wp-content\/uploads\/2018\/01\/workshop-from-idea-to-publication-02-02-750x562.jpg\" srcset=\"https:\/\/malenki.net\/wp-content\/uploads\/2018\/01\/workshop-from-idea-to-publication-02-02-750x562.jpg 750w,https:\/\/malenki.net\/wp-content\/uploads\/2018\/01\/workshop-from-idea-to-publication-02-02-1024x768.jpg 1024w,https:\/\/malenki.net\/wp-content\/uploads\/2018\/01\/workshop-from-idea-to-publication-02-02.jpg 1134w\" sizes=\"auto, 250px\"\/><\/a><div class=\"sgb-item-caption\"><em>workshop on publishing: From idea to publication, session 2, Tique | art space, Antwerp \/ Belgium<\/em><\/div><\/div><div class=\"sgb-item\"><a href=\"https:\/\/malenki.net\/on-site\/workshop-from-idea-to-publication\/workshop-from-idea-to-publication-02-01\/\" target=\"_blank\"><img decoding=\"async\" alt=\"workshop on publishing: From idea to publication, session 2, Tique | art space, Antwerp \/ Belgium\" width=\"1134\" height=\"850\" loading=\"lazy\" src=\"https:\/\/malenki.net\/wp-content\/uploads\/2018\/01\/workshop-from-idea-to-publication-02-01.jpg\" srcset=\",https:\/\/malenki.net\/wp-content\/uploads\/2018\/01\/workshop-from-idea-to-publication-02-01.jpg 1134w\" sizes=\"auto, 250px\"\/><\/a><div class=\"sgb-item-caption\"><em>workshop on publishing: From idea to publication, session 2, Tique | art space, Antwerp \/ Belgium<\/em><\/div><\/div><div class=\"sgb-item\"><a href=\"https:\/\/malenki.net\/on-site\/workshop-from-idea-to-publication\/photobook-workshop-malenki-tique-antwerp-01\/\" target=\"_blank\"><img decoding=\"async\" alt=\"workshop on publishing: From idea to publication, session 1, Tique | art space, Antwerp \/ Belgium\" width=\"750\" height=\"500\" loading=\"lazy\" src=\"https:\/\/malenki.net\/wp-content\/uploads\/2018\/01\/photobook-workshop-malenki-tique-antwerp-01-750x500.jpg\" srcset=\"https:\/\/malenki.net\/wp-content\/uploads\/2018\/01\/photobook-workshop-malenki-tique-antwerp-01-750x500.jpg 750w,https:\/\/malenki.net\/wp-content\/uploads\/2018\/01\/photobook-workshop-malenki-tique-antwerp-01-1024x682.jpg 1024w,https:\/\/malenki.net\/wp-content\/uploads\/2018\/01\/photobook-workshop-malenki-tique-antwerp-01.jpg 2000w\" sizes=\"auto, 250px\"\/><\/a><div class=\"sgb-item-caption\"><em>workshop on publishing: From idea to publication, session 1, Tique | art space, Antwerp \/ Belgium<\/em><\/div><\/div><\/div><\/noscript><\/div><script type=\"application\/json\" class=\"sgb-data\">{\"galleryType\":\"pgc_sgb_masonry\",\"galleryId\":\"a1934578\",\"images\":[{\"id\":6910,\"title\":\"fitp_workshop3_s3_04\",\"url\":\"https:\/\/malenki.net\/wp-content\/uploads\/2019\/10\/fitp_workshop3_s3_04.jpg\",\"link\":\"https:\/\/malenki.net\/on-site\/workshop-from-idea-to-publication\/fitp_workshop3_s3_04\/\",\"alt\":\"\",\"description\":\"\",\"caption\":\"workshop on publishing: From idea to publication, session 1, Tique | art space, Antwerp \/ Belgium\",\"mime\":\"image\/jpeg\",\"type\":\"image\",\"width\":1701,\"height\":1134,\"sizes\":{\"full\":{\"url\":\"https:\/\/malenki.net\/wp-content\/uploads\/2019\/10\/fitp_workshop3_s3_04.jpg\",\"height\":1134,\"width\":1701,\"orientation\":\"landscape\"}},\"imageMeta\":{\"aperture\":\"8\",\"credit\":\"\",\"camera\":\"Canon EOS 5D Mark II\",\"caption\":\"\",\"created_timestamp\":\"1571771788\",\"copyright\":\"\",\"focal_length\":\"28\",\"iso\":\"6400\",\"shutter_speed\":\"0.00625\",\"title\":\"\",\"orientation\":\"1\",\"keywords\":[]},\"meta\":false,\"postlink\":\"https:\/\/malenki.net\/on-site\/workshop-from-idea-to-publication\/fitp_workshop3_s3_04\/\"},{\"id\":6908,\"title\":\"fitp_workshop3_s3_02\",\"url\":\"https:\/\/malenki.net\/wp-content\/uploads\/2019\/10\/fitp_workshop3_s3_02.jpg\",\"link\":\"https:\/\/malenki.net\/on-site\/workshop-from-idea-to-publication\/fitp_workshop3_s3_02\/\",\"alt\":\"\",\"description\":\"\",\"caption\":\"workshop on publishing: From idea to publication, session 1, Tique | art space, Antwerp \/ Belgium\",\"mime\":\"image\/jpeg\",\"type\":\"image\",\"width\":1701,\"height\":1134,\"sizes\":{\"full\":{\"url\":\"https:\/\/malenki.net\/wp-content\/uploads\/2019\/10\/fitp_workshop3_s3_02.jpg\",\"height\":1134,\"width\":1701,\"orientation\":\"landscape\"}},\"imageMeta\":{\"aperture\":\"8\",\"credit\":\"\",\"camera\":\"Canon EOS 5D Mark II\",\"caption\":\"\",\"created_timestamp\":\"1571773088\",\"copyright\":\"\",\"focal_length\":\"28\",\"iso\":\"6400\",\"shutter_speed\":\"0.01\",\"title\":\"\",\"orientation\":\"1\",\"keywords\":[]},\"meta\":false,\"postlink\":\"https:\/\/malenki.net\/on-site\/workshop-from-idea-to-publication\/fitp_workshop3_s3_02\/\"},{\"id\":6906,\"title\":\"fitp_workshop3_s2_04\",\"url\":\"https:\/\/malenki.net\/wp-content\/uploads\/2019\/10\/fitp_workshop3_s2_04.jpg\",\"link\":\"https:\/\/malenki.net\/on-site\/workshop-from-idea-to-publication\/fitp_workshop3_s2_04\/\",\"alt\":\"\",\"description\":\"\",\"caption\":\"workshop on publishing: From idea to publication, session 4, Tique | art space, Antwerp \/ Belgium\",\"mime\":\"image\/jpeg\",\"type\":\"image\",\"width\":1163,\"height\":775,\"sizes\":{\"full\":{\"url\":\"https:\/\/malenki.net\/wp-content\/uploads\/2019\/10\/fitp_workshop3_s2_04.jpg\",\"height\":775,\"width\":1163,\"orientation\":\"landscape\"}},\"imageMeta\":{\"aperture\":\"3.6\",\"credit\":\"\",\"camera\":\"X-T2\",\"caption\":\"\",\"created_timestamp\":\"1569961691\",\"copyright\":\"\",\"focal_length\":\"34.3\",\"iso\":\"100\",\"shutter_speed\":\"0.083333333333333\",\"title\":\"\",\"orientation\":\"1\",\"keywords\":[]},\"meta\":false,\"postlink\":\"https:\/\/malenki.net\/on-site\/workshop-from-idea-to-publication\/fitp_workshop3_s2_04\/\"},{\"id\":5612,\"title\":\"workshop on publishing: From idea to publication, session 2, Tique | art space, Antwerp \/ Belgium\",\"url\":\"https:\/\/malenki.net\/wp-content\/uploads\/2018\/01\/workshop-from-idea-to-publication-02-03.jpg\",\"link\":\"https:\/\/malenki.net\/on-site\/workshop-from-idea-to-publication\/workshop-from-idea-to-publication-02-03\/\",\"alt\":\"workshop on publishing: From idea to publication, session 2, Tique | art space, Antwerp \/ Belgium\",\"description\":\"\",\"caption\":\"workshop on publishing: From idea to publication, session 2, Tique | art space, Antwerp \/ Belgium\",\"mime\":\"image\/jpeg\",\"type\":\"image\",\"width\":1134,\"height\":850,\"sizes\":{\"thumbnail\":{\"height\":112,\"width\":150,\"url\":\"https:\/\/malenki.net\/wp-content\/uploads\/2018\/01\/workshop-from-idea-to-publication-02-03-150x112.jpg\",\"orientation\":\"landscape\"},\"medium\":{\"height\":562,\"width\":750,\"url\":\"https:\/\/malenki.net\/wp-content\/uploads\/2018\/01\/workshop-from-idea-to-publication-02-03-750x562.jpg\",\"orientation\":\"landscape\"},\"large\":{\"height\":768,\"width\":1024,\"url\":\"https:\/\/malenki.net\/wp-content\/uploads\/2018\/01\/workshop-from-idea-to-publication-02-03-1024x768.jpg\",\"orientation\":\"landscape\"},\"full\":{\"url\":\"https:\/\/malenki.net\/wp-content\/uploads\/2018\/01\/workshop-from-idea-to-publication-02-03.jpg\",\"height\":850,\"width\":1134,\"orientation\":\"landscape\"}},\"imageMeta\":{\"aperture\":\"2.2\",\"credit\":\"\",\"camera\":\"X10\",\"caption\":\"\",\"created_timestamp\":\"1522495858\",\"copyright\":\"\",\"focal_length\":\"9.3\",\"iso\":\"1250\",\"shutter_speed\":\"0.0025\",\"title\":\"\",\"orientation\":\"1\",\"keywords\":[]},\"meta\":false,\"postlink\":\"https:\/\/malenki.net\/on-site\/workshop-from-idea-to-publication\/workshop-from-idea-to-publication-02-03\/\"},{\"id\":5610,\"title\":\"workshop on publishing: From idea to publication, session 2, Tique | art space, Antwerp \/ Belgium\",\"url\":\"https:\/\/malenki.net\/wp-content\/uploads\/2018\/01\/workshop-from-idea-to-publication-02-02.jpg\",\"link\":\"https:\/\/malenki.net\/on-site\/workshop-from-idea-to-publication\/workshop-from-idea-to-publication-02-02\/\",\"alt\":\"workshop on publishing: From idea to publication, session 2, Tique | art space, Antwerp \/ Belgium\",\"description\":\"\",\"caption\":\"workshop on publishing: From idea to publication, session 2, Tique | art space, Antwerp \/ Belgium\",\"mime\":\"image\/jpeg\",\"type\":\"image\",\"width\":1134,\"height\":850,\"sizes\":{\"thumbnail\":{\"height\":112,\"width\":150,\"url\":\"https:\/\/malenki.net\/wp-content\/uploads\/2018\/01\/workshop-from-idea-to-publication-02-02-150x112.jpg\",\"orientation\":\"landscape\"},\"medium\":{\"height\":562,\"width\":750,\"url\":\"https:\/\/malenki.net\/wp-content\/uploads\/2018\/01\/workshop-from-idea-to-publication-02-02-750x562.jpg\",\"orientation\":\"landscape\"},\"large\":{\"height\":768,\"width\":1024,\"url\":\"https:\/\/malenki.net\/wp-content\/uploads\/2018\/01\/workshop-from-idea-to-publication-02-02-1024x768.jpg\",\"orientation\":\"landscape\"},\"full\":{\"url\":\"https:\/\/malenki.net\/wp-content\/uploads\/2018\/01\/workshop-from-idea-to-publication-02-02.jpg\",\"height\":850,\"width\":1134,\"orientation\":\"landscape\"}},\"imageMeta\":{\"aperture\":\"2\",\"credit\":\"\",\"camera\":\"X10\",\"caption\":\"\",\"created_timestamp\":\"1519480312\",\"copyright\":\"\",\"focal_length\":\"7.1\",\"iso\":\"1600\",\"shutter_speed\":\"0.0025\",\"title\":\"\",\"orientation\":\"1\",\"keywords\":[]},\"meta\":false,\"postlink\":\"https:\/\/malenki.net\/on-site\/workshop-from-idea-to-publication\/workshop-from-idea-to-publication-02-02\/\"},{\"id\":5608,\"title\":\"workshop on publishing: From idea to publication, session 2, Tique | art space, Antwerp \/ Belgium\",\"url\":\"https:\/\/malenki.net\/wp-content\/uploads\/2018\/01\/workshop-from-idea-to-publication-02-01.jpg\",\"link\":\"https:\/\/malenki.net\/on-site\/workshop-from-idea-to-publication\/workshop-from-idea-to-publication-02-01\/\",\"alt\":\"workshop on publishing: From idea to publication, session 2, Tique | art space, Antwerp \/ Belgium\",\"description\":\"\",\"caption\":\"workshop on publishing: From idea to publication, session 2, Tique | art space, Antwerp \/ Belgium\",\"mime\":\"image\/jpeg\",\"type\":\"image\",\"width\":1134,\"height\":850,\"sizes\":{\"full\":{\"url\":\"https:\/\/malenki.net\/wp-content\/uploads\/2018\/01\/workshop-from-idea-to-publication-02-01.jpg\",\"height\":850,\"width\":1134,\"orientation\":\"landscape\"}},\"imageMeta\":{\"aperture\":\"2.2\",\"credit\":\"\",\"camera\":\"X10\",\"caption\":\"\",\"created_timestamp\":\"1522496065\",\"copyright\":\"\",\"focal_length\":\"9.6\",\"iso\":\"1250\",\"shutter_speed\":\"0.0025\",\"title\":\"\",\"orientation\":\"1\",\"keywords\":[]},\"meta\":false,\"postlink\":\"https:\/\/malenki.net\/on-site\/workshop-from-idea-to-publication\/workshop-from-idea-to-publication-02-01\/\"},{\"id\":5502,\"title\":\"workshop on publishing: From idea to publication, session 1, Tique | art space, Antwerp \/ Belgium\",\"url\":\"https:\/\/malenki.net\/wp-content\/uploads\/2018\/01\/photobook-workshop-malenki-tique-antwerp-01.jpg\",\"link\":\"https:\/\/malenki.net\/on-site\/workshop-from-idea-to-publication\/photobook-workshop-malenki-tique-antwerp-01\/\",\"alt\":\"workshop on publishing: From idea to publication, session 1, Tique | art space, Antwerp \/ Belgium\",\"description\":\"\",\"caption\":\"workshop on publishing: From idea to publication, session 1, Tique | art space, Antwerp \/ Belgium\",\"mime\":\"image\/jpeg\",\"type\":\"image\",\"width\":2000,\"height\":1333,\"sizes\":{\"thumbnail\":{\"height\":100,\"width\":150,\"url\":\"https:\/\/malenki.net\/wp-content\/uploads\/2018\/01\/photobook-workshop-malenki-tique-antwerp-01-150x100.jpg\",\"orientation\":\"landscape\"},\"medium\":{\"height\":500,\"width\":750,\"url\":\"https:\/\/malenki.net\/wp-content\/uploads\/2018\/01\/photobook-workshop-malenki-tique-antwerp-01-750x500.jpg\",\"orientation\":\"landscape\"},\"large\":{\"height\":682,\"width\":1024,\"url\":\"https:\/\/malenki.net\/wp-content\/uploads\/2018\/01\/photobook-workshop-malenki-tique-antwerp-01-1024x682.jpg\",\"orientation\":\"landscape\"},\"full\":{\"url\":\"https:\/\/malenki.net\/wp-content\/uploads\/2018\/01\/photobook-workshop-malenki-tique-antwerp-01.jpg\",\"height\":1333,\"width\":2000,\"orientation\":\"landscape\"}},\"imageMeta\":{\"aperture\":\"0\",\"credit\":\"\",\"camera\":\"\",\"caption\":\"\",\"created_timestamp\":\"0\",\"copyright\":\"\",\"focal_length\":\"0\",\"iso\":\"0\",\"shutter_speed\":\"0\",\"title\":\"\",\"orientation\":\"0\",\"keywords\":[]},\"meta\":false,\"postlink\":\"https:\/\/malenki.net\/on-site\/workshop-from-idea-to-publication\/photobook-workshop-malenki-tique-antwerp-01\/\"}],\"translatedWithWPMLTM\":\"1\",\"itemsMetaDataCollection\":[]}<\/script><script>(function(){if(window.PGC_SGB && window.PGC_SGB.searcher){window.PGC_SGB.searcher.initBlocks()}})()<\/script><\/div><\/div>\n\n\n\n<div class=\"wp-block-column is-layout-flow wp-block-column-is-layout-flow\">\n<div class=\"wp-block-columns is-layout-flex wp-container-core-columns-is-layout-9d6595d7 wp-block-columns-is-layout-flex\">\n<div class=\"wp-block-column is-layout-flow wp-block-column-is-layout-flow\">\n<p>Du denkst dar\u00fcber nach, dein eigenes Buch zu ver\u00f6ffentlichen? Arbeitest du an einer Publikation, ben\u00f6tigst aber Feedback und Unterst\u00fctzung? Suchst du Rat zur Produktionsseite des Verlagswesens? Dann nimm am Workshop \u201eVon der Idee zur Ver\u00f6ffentlichung\u201c im Tique I Art Space teil!   <\/p>\n\n\n\n<p>In vier Sitzungen begleiten dich die Workshopleiter:Innen Katrin Kamrau (malenki.net) und Welmer Keesmaat (Tique) mit Rat, Inspiration und Feedback. In der dritten Sitzung geben dir zwei Gastdozentinnen und -dozenten konkretes Feedback aus ihrer jeweiligen Expertise. <\/p>\n\n\n\n<p>unsere Gast-Experten:<br\/><a href=\"http:\/\/www.johannieuwenhuize.nl\/\" target=\"_blank\" rel=\"noreferrer noopener\">Johan Nieuwenhuize<\/a><br\/>Yin Yin Wong \u2014 <a href=\"https:\/\/www.publicationstudio.biz\/studios\/rotterdam\/\" target=\"_blank\" rel=\"noreferrer noopener\">Publication Studio Rotterdam<\/a><br\/><a href=\"http:\/\/www.wardheirwegh.com\/\" target=\"_blank\" rel=\"noreferrer noopener\">Ward Heirwegh<\/a> \u2014 <a href=\"http:\/\/sleeperholdpublications.com\/\" target=\"_blank\" rel=\"noreferrer noopener\">Sleephold Publications<\/a><br\/>Marie L\u00e8crivain \u2014 <a href=\"http:\/\/la-houle.com\/about\" target=\"_blank\" rel=\"noreferrer noopener\">La Houle<\/a><br\/><a href=\"https:\/\/www.tessadeceuninck.com\/\" target=\"_blank\" rel=\"noreferrer noopener\">Tessa de Ceuninck<\/a> \u2014 <a href=\"https:\/\/www.tessadeceuninck.com\/pantingo-1\/publications.html\" target=\"_blank\" rel=\"noreferrer noopener\">Pantingo<\/a><br\/>Carel Fransen \u2014 <a href=\"https:\/\/www.eriskayconnection.com\/en\/18-books\" target=\"_blank\" rel=\"noreferrer noopener\">The Eriskay Connection<\/a><\/p>\n<\/div>\n\n\n\n<div class=\"wp-block-column is-layout-flow wp-block-column-is-layout-flow\">\n<p>From Idea to Publication<br\/>\u2014 ein Workshop \u00fcber (Self-)Publishing in vier Sessions<\/p>\n\n\n\n<p>Tique | art space<br\/>Korte Vlierstraat 5, 2000 Antwerp<\/p>\n\n\n\n<p><a href=\"https:\/\/www.tique.art\" target=\"_blank\" rel=\"noreferrer noopener nofollow\">www.tique.art<\/a><\/p>\n\n\n<nav class=\"is-responsive items-justified-left is-vertical wp-block-navigation is-content-justification-left is-layout-flex wp-container-core-navigation-is-layout-aacc3761 wp-block-navigation-is-layout-flex\" aria-label=\"workshop\" \n\t\t data-wp-interactive=\"core\/navigation\" data-wp-context='{\"overlayOpenedBy\":{\"click\":false,\"hover\":false,\"focus\":false},\"type\":\"overlay\",\"roleAttribute\":\"\",\"ariaLabel\":\"Men\\u00fc\"}'><button aria-haspopup=\"dialog\" aria-label=\"Men\u00fc \u00f6ffnen\" class=\"wp-block-navigation__responsive-container-open\" \n\t\t\t\tdata-wp-on--click=\"actions.openMenuOnClick\"\n\t\t\t\tdata-wp-on--keydown=\"actions.handleMenuKeydown\"\n\t\t\t><svg width=\"24\" height=\"24\" xmlns=\"http:\/\/www.w3.org\/2000\/svg\" viewBox=\"0 0 24 24\" aria-hidden=\"true\" focusable=\"false\"><path d=\"M4 7.5h16v1.5H4z\"><\/path><path d=\"M4 15h16v1.5H4z\"><\/path><\/svg><\/button>\n\t\t\t\t<div class=\"wp-block-navigation__responsive-container\"  id=\"modal-2\" \n\t\t\t\tdata-wp-class--has-modal-open=\"state.isMenuOpen\"\n\t\t\t\tdata-wp-class--is-menu-open=\"state.isMenuOpen\"\n\t\t\t\tdata-wp-watch=\"callbacks.initMenu\"\n\t\t\t\tdata-wp-on--keydown=\"actions.handleMenuKeydown\"\n\t\t\t\tdata-wp-on--focusout=\"actions.handleMenuFocusout\"\n\t\t\t\ttabindex=\"-1\"\n\t\t\t>\n\t\t\t\t\t<div class=\"wp-block-navigation__responsive-close\" tabindex=\"-1\">\n\t\t\t\t\t\t<div class=\"wp-block-navigation__responsive-dialog\" \n\t\t\t\tdata-wp-bind--aria-modal=\"state.ariaModal\"\n\t\t\t\tdata-wp-bind--aria-label=\"state.ariaLabel\"\n\t\t\t\tdata-wp-bind--role=\"state.roleAttribute\"\n\t\t\t>\n\t\t\t\t\t\t\t<button aria-label=\"Men\u00fc schlie\u00dfen\" class=\"wp-block-navigation__responsive-container-close\" \n\t\t\t\tdata-wp-on--click=\"actions.closeMenuOnClick\"\n\t\t\t><svg xmlns=\"http:\/\/www.w3.org\/2000\/svg\" viewBox=\"0 0 24 24\" width=\"24\" height=\"24\" aria-hidden=\"true\" focusable=\"false\"><path d=\"m13.06 12 6.47-6.47-1.06-1.06L12 10.94 5.53 4.47 4.47 5.53 10.94 12l-6.47 6.47 1.06 1.06L12 13.06l6.47 6.47 1.06-1.06L13.06 12Z\"><\/path><\/svg><\/button>\n\t\t\t\t\t\t\t<div class=\"wp-block-navigation__responsive-container-content\" \n\t\t\t\tdata-wp-watch=\"callbacks.focusFirstElement\"\n\t\t\t id=\"modal-2-content\">\n\t\t\t\t\t\t\t\t<ul class=\"wp-block-navigation__container is-responsive items-justified-left is-vertical wp-block-navigation\"><li style=\"font-style:normal;font-weight:600;\" class=\" wp-block-navigation-item wp-block-navigation-link\"><a class=\"wp-block-navigation-item__content\"  href=\"https:\/\/malenki.net\/on-site\/workshop-from-idea-to-publication\/\"><span class=\"wp-block-navigation-item__label\">workshop \u2014 from idea to publication<\/span><\/a><\/li><li class=\" wp-block-navigation-item wp-block-navigation-link\"><a class=\"wp-block-navigation-item__content\"  href=\"https:\/\/malenki.net\/on-site\/workshop-on-collage-merz-akademie-stuttgart\/\"><span class=\"wp-block-navigation-item__label\">workshop \u2014 on collage<\/span><\/a><\/li><li class=\" wp-block-navigation-item wp-block-navigation-link\"><a class=\"wp-block-navigation-item__content\"  href=\"https:\/\/malenki.net\/on-site\/workshop-on-creative-writing-and-publishing\/\"><span class=\"wp-block-navigation-item__label\">workshop \u2014 on creative writing and publishing<\/span><\/a><\/li><li class=\" wp-block-navigation-item wp-block-navigation-link\"><a class=\"wp-block-navigation-item__content\"  href=\"https:\/\/malenki.net\/on-site\/workshop-blue-printing-and-bookbinding\/\"><span class=\"wp-block-navigation-item__label\">workshop \u2014 on cyanotype and bookbinding<\/span><\/a><\/li><\/ul>\n\t\t\t\t\t\t\t<\/div>\n\t\t\t\t\t\t<\/div>\n\t\t\t\t\t<\/div>\n\t\t\t\t<\/div><\/nav><\/div>\n<\/div>\n<\/div>\n<\/div>\n","protected":false},"excerpt":{"rendered":"<p>Du denkst dar\u00fcber nach, dein eigenes Buch zu ver\u00f6ffentlichen? Arbeitest du an einer Publikation, ben\u00f6tigst aber Feedback und Unterst\u00fctzung? Suchst du Rat zur Produktionsseite des Verlagswesens? Dann nimm am Workshop \u201eVon der Idee zur Ver\u00f6ffentlichung\u201c im Tique I Art Space teil! In vier Sitzungen begleiten dich die Workshopleiter:Innen Katrin Kamrau (malenki.net) und Welmer Keesmaat (Tique)&hellip; <a class=\"more-link\" href=\"https:\/\/malenki.net\/de\/vor-ort\/workshop-from-idea-to-publication\/\"><span class=\"screen-reader-text\">Workshop \u2014 from idea to publication<\/span> weiterlesen<\/a><\/p>\n","protected":false},"author":3,"featured_media":5505,"parent":5176,"menu_order":0,"comment_status":"closed","ping_status":"closed","template":"","meta":{"pgc_sgb_lightbox_settings":"","footnotes":""},"categories":[6456],"tags":[6458,5440,6459],"class_list":["post-11780","page","type-page","status-publish","has-post-thumbnail","hentry","category-vor-ort","tag-from-idea-to-publication","tag-workshop-de","tag-workshop-zum-publizieren","entry"],"yoast_head":"<!-- This site is optimized with the Yoast SEO plugin v27.2 - https:\/\/yoast.com\/product\/yoast-seo-wordpress\/ -->\n<title>malenki.net | Workshop \u2014 from idea to publication<\/title>\n<meta name=\"description\" content=\"Impressionen aus dem Workshop \u2013 von der Idee zur Ver\u00f6ffentlichung mit Katrin Kamrau und Welmer Keesmaat im Tique | art space, Antwerpen \/ Belgien im Jahr 2018\" \/>\n<meta name=\"robots\" content=\"index, follow, max-snippet:-1, max-image-preview:large, max-video-preview:-1\" \/>\n<link rel=\"canonical\" href=\"https:\/\/malenki.net\/de\/vor-ort\/workshop-from-idea-to-publication\/\" \/>\n<meta property=\"og:locale\" content=\"de_DE\" \/>\n<meta property=\"og:type\" content=\"article\" \/>\n<meta property=\"og:title\" content=\"malenki.net | Workshop \u2014 from idea to publication\" \/>\n<meta property=\"og:description\" content=\"Impressionen aus dem Workshop \u2013 von der Idee zur Ver\u00f6ffentlichung mit Katrin Kamrau und Welmer Keesmaat im Tique | art space, Antwerpen \/ Belgien im Jahr 2018\" \/>\n<meta property=\"og:url\" content=\"https:\/\/malenki.net\/de\/vor-ort\/workshop-from-idea-to-publication\/\" \/>\n<meta property=\"og:site_name\" content=\"malenki.net\" \/>\n<meta property=\"article:publisher\" content=\"https:\/\/www.facebook.com\/malenki.editionen\/\" \/>\n<meta property=\"article:modified_time\" content=\"2025-11-25T11:18:15+00:00\" \/>\n<meta property=\"og:image\" content=\"https:\/\/malenki.net\/wp-content\/uploads\/2018\/01\/photobook-workshop-malenki-tique-antwerp-02.jpg\" \/>\n\t<meta property=\"og:image:width\" content=\"2000\" \/>\n\t<meta property=\"og:image:height\" content=\"1333\" \/>\n\t<meta property=\"og:image:type\" content=\"image\/jpeg\" \/>\n<meta name=\"twitter:card\" content=\"summary_large_image\" \/>\n<meta name=\"twitter:label1\" content=\"Gesch\u00e4tzte Lesezeit\" \/>\n\t<meta name=\"twitter:data1\" content=\"1\u00a0Minute\" \/>\n<script type=\"application\/ld+json\" class=\"yoast-schema-graph\">{\"@context\":\"https:\/\/schema.org\",\"@graph\":[{\"@type\":\"WebPage\",\"@id\":\"https:\/\/malenki.net\/de\/vor-ort\/workshop-from-idea-to-publication\/\",\"url\":\"https:\/\/malenki.net\/de\/vor-ort\/workshop-from-idea-to-publication\/\",\"name\":\"malenki.net | Workshop \u2014 from idea to publication\",\"isPartOf\":{\"@id\":\"https:\/\/malenki.net\/de\/#website\"},\"primaryImageOfPage\":{\"@id\":\"https:\/\/malenki.net\/de\/vor-ort\/workshop-from-idea-to-publication\/#primaryimage\"},\"image\":{\"@id\":\"https:\/\/malenki.net\/de\/vor-ort\/workshop-from-idea-to-publication\/#primaryimage\"},\"thumbnailUrl\":\"https:\/\/malenki.net\/wp-content\/uploads\/2018\/01\/photobook-workshop-malenki-tique-antwerp-02.jpg\",\"datePublished\":\"2018-01-20T14:01:39+00:00\",\"dateModified\":\"2025-11-25T11:18:15+00:00\",\"description\":\"Impressionen aus dem Workshop \u2013 von der Idee zur Ver\u00f6ffentlichung mit Katrin Kamrau und Welmer Keesmaat im Tique | art space, Antwerpen \/ Belgien im Jahr 2018\",\"breadcrumb\":{\"@id\":\"https:\/\/malenki.net\/de\/vor-ort\/workshop-from-idea-to-publication\/#breadcrumb\"},\"inLanguage\":\"de\",\"potentialAction\":[{\"@type\":\"ReadAction\",\"target\":[\"https:\/\/malenki.net\/de\/vor-ort\/workshop-from-idea-to-publication\/\"]}]},{\"@type\":\"ImageObject\",\"inLanguage\":\"de\",\"@id\":\"https:\/\/malenki.net\/de\/vor-ort\/workshop-from-idea-to-publication\/#primaryimage\",\"url\":\"https:\/\/malenki.net\/wp-content\/uploads\/2018\/01\/photobook-workshop-malenki-tique-antwerp-02.jpg\",\"contentUrl\":\"https:\/\/malenki.net\/wp-content\/uploads\/2018\/01\/photobook-workshop-malenki-tique-antwerp-02.jpg\",\"width\":2000,\"height\":1333,\"caption\":\"Workshop zum Publizieren: Von der Idee zur Ver\u00f6ffentlichung, Session 1, Tique | art space, Antwerpen \/ Belgien\"},{\"@type\":\"BreadcrumbList\",\"@id\":\"https:\/\/malenki.net\/de\/vor-ort\/workshop-from-idea-to-publication\/#breadcrumb\",\"itemListElement\":[{\"@type\":\"ListItem\",\"position\":1,\"name\":\"Home\",\"item\":\"https:\/\/malenki.net\/de\/\"},{\"@type\":\"ListItem\",\"position\":2,\"name\":\"Vor Ort\",\"item\":\"https:\/\/malenki.net\/de\/vor-ort\/\"},{\"@type\":\"ListItem\",\"position\":3,\"name\":\"Workshop \u2014 from idea to publication\"}]},{\"@type\":\"WebSite\",\"@id\":\"https:\/\/malenki.net\/de\/#website\",\"url\":\"https:\/\/malenki.net\/de\/\",\"name\":\"malenki.net\",\"description\":\"Fotografie Editionen\",\"publisher\":{\"@id\":\"https:\/\/malenki.net\/de\/#organization\"},\"potentialAction\":[{\"@type\":\"SearchAction\",\"target\":{\"@type\":\"EntryPoint\",\"urlTemplate\":\"https:\/\/malenki.net\/de\/?s={search_term_string}\"},\"query-input\":{\"@type\":\"PropertyValueSpecification\",\"valueRequired\":true,\"valueName\":\"search_term_string\"}}],\"inLanguage\":\"de\"},{\"@type\":\"Organization\",\"@id\":\"https:\/\/malenki.net\/de\/#organization\",\"name\":\"malenki.net\",\"url\":\"https:\/\/malenki.net\/de\/\",\"logo\":{\"@type\":\"ImageObject\",\"inLanguage\":\"de\",\"@id\":\"https:\/\/malenki.net\/de\/#\/schema\/logo\/image\/\",\"url\":\"https:\/\/malenki.net\/wp-content\/uploads\/2023\/03\/malenki-logo-2019.gif\",\"contentUrl\":\"https:\/\/malenki.net\/wp-content\/uploads\/2023\/03\/malenki-logo-2019.gif\",\"width\":524,\"height\":138,\"caption\":\"malenki.net\"},\"image\":{\"@id\":\"https:\/\/malenki.net\/de\/#\/schema\/logo\/image\/\"},\"sameAs\":[\"https:\/\/www.facebook.com\/malenki.editionen\/\",\"https:\/\/www.instagram.com\/malenkinet\/\"]}]}<\/script>\n<!-- \/ Yoast SEO plugin. -->","yoast_head_json":{"title":"malenki.net | Workshop \u2014 from idea to publication","description":"Impressionen aus dem Workshop \u2013 von der Idee zur Ver\u00f6ffentlichung mit Katrin Kamrau und Welmer Keesmaat im Tique | art space, Antwerpen \/ Belgien im Jahr 2018","robots":{"index":"index","follow":"follow","max-snippet":"max-snippet:-1","max-image-preview":"max-image-preview:large","max-video-preview":"max-video-preview:-1"},"canonical":"https:\/\/malenki.net\/de\/vor-ort\/workshop-from-idea-to-publication\/","og_locale":"de_DE","og_type":"article","og_title":"malenki.net | Workshop \u2014 from idea to publication","og_description":"Impressionen aus dem Workshop \u2013 von der Idee zur Ver\u00f6ffentlichung mit Katrin Kamrau und Welmer Keesmaat im Tique | art space, Antwerpen \/ Belgien im Jahr 2018","og_url":"https:\/\/malenki.net\/de\/vor-ort\/workshop-from-idea-to-publication\/","og_site_name":"malenki.net","article_publisher":"https:\/\/www.facebook.com\/malenki.editionen\/","article_modified_time":"2025-11-25T11:18:15+00:00","og_image":[{"width":2000,"height":1333,"url":"https:\/\/malenki.net\/wp-content\/uploads\/2018\/01\/photobook-workshop-malenki-tique-antwerp-02.jpg","type":"image\/jpeg"}],"twitter_card":"summary_large_image","twitter_misc":{"Gesch\u00e4tzte Lesezeit":"1\u00a0Minute"},"schema":{"@context":"https:\/\/schema.org","@graph":[{"@type":"WebPage","@id":"https:\/\/malenki.net\/de\/vor-ort\/workshop-from-idea-to-publication\/","url":"https:\/\/malenki.net\/de\/vor-ort\/workshop-from-idea-to-publication\/","name":"malenki.net | Workshop \u2014 from idea to publication","isPartOf":{"@id":"https:\/\/malenki.net\/de\/#website"},"primaryImageOfPage":{"@id":"https:\/\/malenki.net\/de\/vor-ort\/workshop-from-idea-to-publication\/#primaryimage"},"image":{"@id":"https:\/\/malenki.net\/de\/vor-ort\/workshop-from-idea-to-publication\/#primaryimage"},"thumbnailUrl":"https:\/\/malenki.net\/wp-content\/uploads\/2018\/01\/photobook-workshop-malenki-tique-antwerp-02.jpg","datePublished":"2018-01-20T14:01:39+00:00","dateModified":"2025-11-25T11:18:15+00:00","description":"Impressionen aus dem Workshop \u2013 von der Idee zur Ver\u00f6ffentlichung mit Katrin Kamrau und Welmer Keesmaat im Tique | art space, Antwerpen \/ Belgien im Jahr 2018","breadcrumb":{"@id":"https:\/\/malenki.net\/de\/vor-ort\/workshop-from-idea-to-publication\/#breadcrumb"},"inLanguage":"de","potentialAction":[{"@type":"ReadAction","target":["https:\/\/malenki.net\/de\/vor-ort\/workshop-from-idea-to-publication\/"]}]},{"@type":"ImageObject","inLanguage":"de","@id":"https:\/\/malenki.net\/de\/vor-ort\/workshop-from-idea-to-publication\/#primaryimage","url":"https:\/\/malenki.net\/wp-content\/uploads\/2018\/01\/photobook-workshop-malenki-tique-antwerp-02.jpg","contentUrl":"https:\/\/malenki.net\/wp-content\/uploads\/2018\/01\/photobook-workshop-malenki-tique-antwerp-02.jpg","width":2000,"height":1333,"caption":"Workshop zum Publizieren: Von der Idee zur Ver\u00f6ffentlichung, Session 1, Tique | art space, Antwerpen \/ Belgien"},{"@type":"BreadcrumbList","@id":"https:\/\/malenki.net\/de\/vor-ort\/workshop-from-idea-to-publication\/#breadcrumb","itemListElement":[{"@type":"ListItem","position":1,"name":"Home","item":"https:\/\/malenki.net\/de\/"},{"@type":"ListItem","position":2,"name":"Vor Ort","item":"https:\/\/malenki.net\/de\/vor-ort\/"},{"@type":"ListItem","position":3,"name":"Workshop \u2014 from idea to publication"}]},{"@type":"WebSite","@id":"https:\/\/malenki.net\/de\/#website","url":"https:\/\/malenki.net\/de\/","name":"malenki.net","description":"Fotografie Editionen","publisher":{"@id":"https:\/\/malenki.net\/de\/#organization"},"potentialAction":[{"@type":"SearchAction","target":{"@type":"EntryPoint","urlTemplate":"https:\/\/malenki.net\/de\/?s={search_term_string}"},"query-input":{"@type":"PropertyValueSpecification","valueRequired":true,"valueName":"search_term_string"}}],"inLanguage":"de"},{"@type":"Organization","@id":"https:\/\/malenki.net\/de\/#organization","name":"malenki.net","url":"https:\/\/malenki.net\/de\/","logo":{"@type":"ImageObject","inLanguage":"de","@id":"https:\/\/malenki.net\/de\/#\/schema\/logo\/image\/","url":"https:\/\/malenki.net\/wp-content\/uploads\/2023\/03\/malenki-logo-2019.gif","contentUrl":"https:\/\/malenki.net\/wp-content\/uploads\/2023\/03\/malenki-logo-2019.gif","width":524,"height":138,"caption":"malenki.net"},"image":{"@id":"https:\/\/malenki.net\/de\/#\/schema\/logo\/image\/"},"sameAs":["https:\/\/www.facebook.com\/malenki.editionen\/","https:\/\/www.instagram.com\/malenkinet\/"]}]}},"wps_subtitle":"Tique | art space, Antwerp \/ Belgium","_links":{"self":[{"href":"https:\/\/malenki.net\/de\/wp-json\/wp\/v2\/pages\/11780","targetHints":{"allow":["GET"]}}],"collection":[{"href":"https:\/\/malenki.net\/de\/wp-json\/wp\/v2\/pages"}],"about":[{"href":"https:\/\/malenki.net\/de\/wp-json\/wp\/v2\/types\/page"}],"author":[{"embeddable":true,"href":"https:\/\/malenki.net\/de\/wp-json\/wp\/v2\/users\/3"}],"replies":[{"embeddable":true,"href":"https:\/\/malenki.net\/de\/wp-json\/wp\/v2\/comments?post=11780"}],"version-history":[{"count":3,"href":"https:\/\/malenki.net\/de\/wp-json\/wp\/v2\/pages\/11780\/revisions"}],"predecessor-version":[{"id":11869,"href":"https:\/\/malenki.net\/de\/wp-json\/wp\/v2\/pages\/11780\/revisions\/11869"}],"up":[{"embeddable":true,"href":"https:\/\/malenki.net\/de\/wp-json\/wp\/v2\/pages\/5176"}],"wp:featuredmedia":[{"embeddable":true,"href":"https:\/\/malenki.net\/de\/wp-json\/wp\/v2\/media\/5505"}],"wp:attachment":[{"href":"https:\/\/malenki.net\/de\/wp-json\/wp\/v2\/media?parent=11780"}],"wp:term":[{"taxonomy":"category","embeddable":true,"href":"https:\/\/malenki.net\/de\/wp-json\/wp\/v2\/categories?post=11780"},{"taxonomy":"post_tag","embeddable":true,"href":"https:\/\/malenki.net\/de\/wp-json\/wp\/v2\/tags?post=11780"}],"curies":[{"name":"wp","href":"https:\/\/api.w.org\/{rel}","templated":true}]}}